{"id":281,"date":"2024-02-06T11:54:52","date_gmt":"2024-02-06T10:54:52","guid":{"rendered":"https:\/\/www.wolpert-gruppe.de\/?page_id=281"},"modified":"2026-03-09T10:53:46","modified_gmt":"2026-03-09T09:53:46","slug":"datenschutz","status":"publish","type":"page","link":"https:\/\/www.wolpert-gruppe.de\/en\/datenschutz\/","title":{"rendered":"Privacy policy"},"content":{"rendered":"<p>[et_pb_section fb_built=&#8220;1&#8243; _builder_version=&#8220;4.24.2&#8243; _module_preset=&#8220;default&#8220; global_colors_info=&#8220;{}&#8220;][et_pb_row _builder_version=&#8220;4.24.2&#8243; _module_preset=&#8220;ed66b71d-b150-4dea-9ecf-c02db5492b2a&#8220; global_colors_info=&#8220;{}&#8220;][et_pb_column type=&#8220;4_4&#8243; _builder_version=&#8220;4.24.2&#8243; _module_preset=&#8220;default&#8220; global_colors_info=&#8220;{}&#8220;][et_pb_text _builder_version=&#8220;4.27.6&#8243; _module_preset=&#8220;89c39751-e876-40db-92d1-0ad7e5df2613&#8243; hover_enabled=&#8220;0&#8243; global_colors_info=&#8220;{}&#8220; sticky_enabled=&#8220;0&#8243;]<\/p>\n<h1>Datenschutzhinweise<\/h1>\n<p>Wir freuen uns \u00fcber Ihren Besuch und Ihr Interesse an unserem Unternehmen. Der Zweck dieser Hinweise besteht darin, Sie \u00fcber die Verarbeitung Ihrer personenbezogenen bzw. personenbeziehbaren Daten (im Weiteren nur Daten) zu informieren.<\/p>\n<h2>1 Verantwortlicher f\u00fcr die Datenverarbeitung<\/h2>\n<p>WOLPERT HOLDING GmbH<\/p>\n<p>Schmalbachstra\u00dfe 26<\/p>\n<p>74626 Bretzfeld<\/p>\n<p>&nbsp;<\/p>\n<p>Telefon: +49 79 46 \/ 91 15 \u2013 0<\/p>\n<p>Email: <a href=\"mailto:info@wolpert-holding.de\">info@wolpert-holding.de<\/a><\/p>\n<p>&nbsp;<\/p>\n<p><strong>Unseren Datenschutzbeauftragten erreichen Sie folgt:<\/strong><\/p>\n<p>Creditreform Compliance Services GmbH<\/p>\n<p>Hammfelddamm 13<\/p>\n<p>41460 Neuss<\/p>\n<p>E-Mail: <a href=\"mailto:DSB@wolpert-holding.de\">DSB@wolpert-holding.de<\/a><\/p>\n<h2>2 Informatorische Nutzung<\/h2>\n<p>F\u00fcr die informatorische Nutzung unserer Webseiten erheben wir nur die Daten, die uns Ihr Browser automatisch \u00fcbermittelt, wie etwa:<\/p>\n<ul>\n<li>IP-Adresse (Netzwerkadresse)<\/li>\n<li>Adresse der Webseite, von der Sie kamen<\/li>\n<li>Adresse der abgerufenen Dateien (Aufrufadresse = URL)<\/li>\n<li>Datum und Uhrzeit eines Abrufs<\/li>\n<li>sowie Betriebssystem und Browserversion Ihres Endger\u00e4ts (User-Agent)<\/li>\n<\/ul>\n<p>Die Daten werden in (technischen) Protokollen (Logs) gespeichert.<\/p>\n<h2>2.1 Speicherdauer<\/h2>\n<p>Die Speicherdauer dieser Daten (Logs) betr\u00e4gt 8 Wochen.<\/p>\n<h2>2.2 Rechtsgrundlage(n) der Datenverarbeitung<\/h2>\n<p>Die o.g. Daten sind technisch erforderlich, um Ihnen unsere Webseiten bereitzustellen und die Stabilit\u00e4t und Sicherheit zu gew\u00e4hrleisten, gem. Art. 6 Abs. 1 lit. f) DSGVO.<\/p>\n<h2>3 Kontakt<\/h2>\n<p>Bei Ihrer Kontaktaufnahme mit uns per E-Mail oder Kontaktformular werden die von Ihnen mitgeteilten Daten, z.B. Ihre E-Mail-Adresse, Ihr Name, Ihre Telefonnummer und der Inhalt der Nachricht, zur Kl\u00e4rung Ihrer Anfrage verarbeitet.<\/p>\n<h2>3.1 Speicherdauer<\/h2>\n<p>Die in diesem Zusammenhang anfallenden Daten l\u00f6schen wir, nachdem die Speicherung f\u00fcr diese Zwecke nicht mehr erforderlich ist oder schr\u00e4nken die Verarbeitung ein, falls gesetzliche Aufbewahrungspflichten bestehen (Archivierungspflichten f\u00fcr Gesch\u00e4fts- und Handelsbriefe).<\/p>\n<h2>3.2 Rechtsgrundlage(n) der Datenverarbeitung<\/h2>\n<p>Die Verarbeitung ist f\u00fcr die Erf\u00fcllung eines Vertrags, dessen Vertragspartei die betroffene Person ist, oder zur Durchf\u00fchrung vorvertraglicher Ma\u00dfnahmen erforderlich, die auf Anfrage der betroffenen Person erfolgen, gem. Art. 6 Abs. 1 lit. b) DSGVO.<\/p>\n<p>Alternativ erfolgt die Verarbeitung in unserem und Ihrem Interesse an der Bearbeitung Ihres Anliegens, gem. Art. 6 Abs. 1 lit. f) DSGVO.<\/p>\n<h2>4 Bewerbungen<\/h2>\n<p>\u00dcber das Jobportal der WOLPERT Gruppe k\u00f6nnen Sie sich bei uns bewerben. Wir verarbeiten die Daten, die Sie uns im Zusammenhang mit Ihrer Bewerbung zugesendet haben, um Ihre Eignung f\u00fcr die Stelle (oder ggf. andere offene Positionen) zu pr\u00fcfen und das Bewerbungsverfahren durchzuf\u00fchren. N\u00e4here Informationen zum Umgang mit Bewerberdaten finden Sie in den Datenschutzhinweisen f\u00fcr Bewerber\/innen, welche Sie im Bewerbungsportal einsehen k\u00f6nnen.<\/p>\n<h2>5 Cloudflare (Bewerbungsbereich)<\/h2>\n<p>Im Bewerbungsbereich unserer Website setzen wir den Dienst Cloudflare ein, einen Web-Sicherheits- und Performance-Dienst der Cloudflare, Inc. Ziel des Einsatzes ist:<\/p>\n<ul>\n<li>der Schutz unserer Website vor Angriffen (z. B. DDoS-Angriffe),<\/li>\n<li>die Gew\u00e4hrleistung der technischen Stabilit\u00e4t und Sicherheit,<\/li>\n<li>die Optimierung der Ladezeiten.<\/li>\n<\/ul>\n<p>Cloudflare fungiert hierbei als Content Delivery Network (CDN) und Sicherheitsfilter zwischen Ihrem Endger\u00e4t und unserem Server.<\/p>\n<h2>5.1 Speicherdauer<\/h2>\n<p>Die von Cloudflare verarbeiteten Daten werden nur so lange gespeichert, wie dies f\u00fcr die beschriebenen Zwecke erforderlich ist, und anschlie\u00dfend gel\u00f6scht oder anonymisiert.<\/p>\n<h2>5.2 Rechtsgrundlage(n) der Datenverarbeitung<\/h2>\n<p>Die Verarbeitung erfolgt auf Grundlage von Art. 6 Abs. 1 lit. f DSGVO (berechtigtes Interesse).<\/p>\n<p>Unser berechtigtes Interesse liegt in der sicheren, st\u00f6rungsfreien und leistungsf\u00e4higen Bereitstellung unseres Online-Bewerbungsangebots.<\/p>\n<h2>5.3 Empf\u00e4nger der Daten &amp; Drittland\u00fcbermittlung<\/h2>\n<p>Empf\u00e4nger der (technischen) Daten ist:<\/p>\n<p>Cloudflare, Inc., 101 Townsend St., San Francisco, CA 94107 (USA).<\/p>\n<p>Eine Verarbeitung personenbezogener Daten kann auch in den USA stattfinden. Cloudflare st\u00fctzt die Daten\u00fcbermittlung auf die EU-Standardvertragsklauseln gem\u00e4\u00df Art. 46 DSGVO und ist dar\u00fcber hinaus im Rahmen des EU-US Data Privacy Framework (DPF) selbst zertifiziert. Weitere Informationen finden Sie in den Datenschutzhinweisen von Cloudflare: <a href=\"https:\/\/www.cloudflare.com\/de-de\/privacypolicy\/\">https:\/\/www.cloudflare.com\/de-de\/privacypolicy\/<\/a><\/p>\n<h2>6 Social-Media-Plattformen (au\u00dferhalb unserer Webseiten)<\/h2>\n<p>In diesem Abschnitt informieren wir Sie \u00fcber die Verarbeitung Ihrer Daten im Zusammenhang mit dem Besuch eines von uns betriebenen Social-Media-Auftritts innerhalb einer externen Social-Media-Plattform.<\/p>\n<h2>6.1 Facebook (Meta)<\/h2>\n<p>Wir nutzen Facebook und sind f\u00fcr den Betrieb unserer Facebook-Fanpage gemeinsam mit Facebook verantwortlich. Die Facebook-Fanpage dient vor allem als Kommunikationsplattform f\u00fcr Kunden und Interessenten.<\/p>\n<p>Wir bieten Ihnen die M\u00f6glichkeit unsere Beitr\u00e4ge zu kommentieren, Bewertungen abzugeben oder mit uns \u00fcber den Facebook-Messenger in Kontakt zu treten. Ihre Beitr\u00e4ge k\u00f6nnen grunds\u00e4tzlich von jedermann weltweit im Internet abgerufen werden. Auf den Inhalt der Messenger-Kommunikation kann jedoch nur Facebook selbst zugreifen, z.B. im Rahmen der IT-Administration.<\/p>\n<p>Zus\u00e4tzlich erhalten wir von Facebook Statistik-Informationen \u00fcber die Beliebtheit unserer Facebook-Fanpage (z.B. Anzahl der Seitenaufrufe, Anzahl der \u201eGef\u00e4llt mir\u201c Angaben). Wie diese Daten erhoben und verarbeitet werden, liegt im Verantwortungsbereich von Facebook. Mehr Informationen zu den \u201eInsights-Daten\u201c finden Sie unter:<\/p>\n<p><a href=\"https:\/\/www.facebook.com\/business\/a\/page\/page-insights\">https:\/\/www.facebook.com\/business\/a\/page\/page-insights<\/a><\/p>\n<h3>6.1.1 Verantwortliche f\u00fcr die Datenverarbeitung<\/h3>\n<p>Gemeinsam verantwortlich f\u00fcr unsere Facebook-Fanpage sind wir und die Meta Platforms, Inc., 1601 Willow Road, Menlo Park, California, 94025, USA (Betreiberin von Facebook). Vertreterin der Meta Platforms, Inc. in der EU ist die Meta Platforms Ireland Ltd., 4 Grand Canal Square, Grand Canal Harbour, Dublin 2 Ireland.<\/p>\n<p>Die sich durch die gemeinsame Verantwortlichkeit nach Art. 26 DSGVO ergebenden Pflichten finden Sie unter:<\/p>\n<p><a href=\"https:\/\/www.facebook.com\/legal\/controller_addendum\">https:\/\/www.facebook.com\/legal\/controller_addendum<\/a><\/p>\n<p>Weitere Informationen zum Datenschutz bei Meta finden Sie unter:<\/p>\n<p><a href=\"https:\/\/www.facebook.com\/privacy\/center\">https:\/\/www.facebook.com\/privacy\/center<\/a><\/p>\n<p>Hier k\u00f6nnen Sie mit dem Datenschutzbeauftragten von Meta Kontakt aufnehmen:<\/p>\n<p><a href=\"https:\/\/www.facebook.com\/privacy\/policy?section_id=13-HowToContactMeta\">https:\/\/www.facebook.com\/privacy\/policy?section_id=13-HowToContactMeta<\/a><\/p>\n<p>Machen Sie sich mit den Datenschutz-Einstellungen bei Facebook (Meta) vertraut und aktivieren Sie grunds\u00e4tzlich nur die Cookies bzw. Datenverarbeitungen, die Sie pers\u00f6nlich f\u00fcr angemessen halten. Facebook (Meta) speichert Ihre Daten in Nutzungsprofilen und verwendet diese unter anderem f\u00fcr das Anzeigen individueller Werbung.<\/p>\n<h3>6.1.2 Speicherdauer<\/h3>\n<p>Im Prinzip besteht f\u00fcr die Ver\u00f6ffentlichung Ihrer Beitr\u00e4ge keine festgelegte Speicherdauer, sodass wir Ihre Daten l\u00f6schen, nachdem die Speicherung nicht mehr erforderlich ist (die Daten, die wir auch tats\u00e4chlich selbst l\u00f6schen k\u00f6nnen), oder die Verarbeitung einschr\u00e4nken, falls gesetzliche Aufbewahrungspflichten bestehen (z.B. die \u00fcber den Facebook-Messenger an unsere E-Mail-Adresse \u00fcbertragenen Daten).<\/p>\n<p>Sie k\u00f6nnen Ihre Beitr\u00e4ge jederzeit auch selbst von unserer Facebook-Fanpage l\u00f6schen.<\/p>\n<h3>6.1.3 Rechtsgrundlage(n) der Datenverarbeitung<\/h3>\n<p>Wir betreiben unsere Facebook-Fanpage im eigenen Interesse, um mit Kunden, Interessenten und Nutzern kommunizieren und \u00fcber unsere Angebote, Waren und Veranstaltungen informieren zu k\u00f6nnen, gem. Art. 6 Abs. 1 lit. f) DSGVO.<\/p>\n<p>Die von Facebook bereitgestellten Statistik-Informationen \u201eInsights-Daten\u201c verarbeiten wir im eigenen Interesse zur Optimierung unserer Facebook-Fanpage, gem. Art. 6 Abs. 1 lit. f) DSGVO.<\/p>\n<p>In Einzelf\u00e4llen kann die Verarbeitung Ihrer Daten auch im Rahmen einer (vor-)vertraglichen Beziehung zul\u00e4ssig sein (z.B. pers\u00f6nliche Kommunikation zu einer unserer konkreten Dienstleistungen \u00fcber den Facebook-Messenger), gem. Art. 6 Abs. 1 lit. b) DSGVO.<\/p>\n<h2>6.2 Instagram (Meta)<\/h2>\n<p>Wir nutzen Instagram und sind f\u00fcr den Betrieb unserer Instagram-Fanpage gemeinsam mit Instagram verantwortlich. Die Instagram-Fanpage dient vor allem als Kommunikationsplattform f\u00fcr Kunden und Interessenten.<\/p>\n<p>Wir bieten Ihnen die M\u00f6glichkeit unsere Beitr\u00e4ge zu kommentieren, zu teilen, mit einem \u201eGef\u00e4llt mir\u201c zu versehen oder mit uns \u00fcber die Funktion \u201eDirect Messages\u201c in Kontakt zu treten. Ihre Kommentare k\u00f6nnen grunds\u00e4tzlich von jedermann weltweit im Internet abgerufen werden. Auf den Inhalt der Messenger-Kommunikation kann jedoch nur Instagram selbst zugreifen, z.B. im Rahmen der IT-Administration.<\/p>\n<p>Zus\u00e4tzlich erhalten wir von Instagram Statistik-Informationen \u00fcber die Beliebtheit unserer Instagram-Fanpage (z.B. Anzahl der Seitenaufrufe, Anzahl der \u201eGef\u00e4llt mir\u201c Angaben). Wie diese Daten erhoben und verarbeitet werden, liegt im Verantwortungsbereich von Instagram. Mehr Informationen zu den \u201eInsights-Daten\u201c finden Sie unter:<\/p>\n<p><a href=\"https:\/\/www.facebook.com\/help\/instagram\/788388387972460\/?helpref=uf_share\">https:\/\/www.facebook.com\/help\/instagram\/788388387972460\/?helpref=uf_share<\/a><\/p>\n<h3>6.2.1 Verantwortliche f\u00fcr die Datenverarbeitung<\/h3>\n<p>Gemeinsam verantwortlich f\u00fcr unsere Instagram-Fanpage sind wir und die Meta Platforms, Inc., 1601 Willow Road, Menlo Park, California, 94025, USA (Betreiberin von Instagram). Vertreterin der Meta Platforms, Inc. in der EU ist die Meta Platforms Ireland Ltd., 4 Grand Canal Square, Grand Canal Harbour, Dublin 2 Ireland.<\/p>\n<p>Weitere Informationen zum Datenschutz bei Meta finden Sie unter:<\/p>\n<p><a href=\"https:\/\/www.facebook.com\/privacy\/center\">https:\/\/www.facebook.com\/privacy\/center<\/a><\/p>\n<p>Hier k\u00f6nnen Sie mit dem Datenschutzbeauftragten von Meta Kontakt aufnehmen:<\/p>\n<p><a href=\"https:\/\/www.facebook.com\/privacy\/policy?section_id=13-HowToContactMeta\">https:\/\/www.facebook.com\/privacy\/policy?section_id=13-HowToContactMeta<\/a><\/p>\n<p>Machen Sie sich mit den Datenschutz-Einstellungen bei Instagram (Meta) vertraut und aktivieren Sie grunds\u00e4tzlich nur die Cookies bzw. Datenverarbeitungen, die Sie pers\u00f6nlich f\u00fcr angemessen halten. Instagram (Meta) speichert Ihre Daten in Nutzungsprofilen und verwendet diese unter anderem f\u00fcr das Anzeigen individueller Werbung.<\/p>\n<h3>6.2.2 Speicherdauer<\/h3>\n<p>Im Prinzip besteht f\u00fcr die Ver\u00f6ffentlichung Ihrer Beitr\u00e4ge keine festgelegte Speicherdauer, sodass wir Ihre Daten l\u00f6schen, nachdem die Speicherung nicht mehr erforderlich ist (die Daten, die wir auch tats\u00e4chlich selbst l\u00f6schen k\u00f6nnen), oder die Verarbeitung einschr\u00e4nken, falls gesetzliche Aufbewahrungspflichten bestehen (z.B. die \u00fcber die Instagram Direct Messages an unsere E-Mail-Adresse \u00fcbertragenen Daten).<\/p>\n<p>Sie k\u00f6nnen Ihre Beitr\u00e4ge jederzeit auch selbst von unserer Instagram-Fanpage l\u00f6schen.<\/p>\n<h3>6.2.3 Rechtsgrundlage(n) der Datenverarbeitung<\/h3>\n<p>Wir betreiben unsere Instagram-Fanpage im eigenen Interesse, um mit Kunden, Interessenten und Nutzern kommunizieren und \u00fcber unsere Angebote, Waren und Veranstaltungen informieren zu k\u00f6nnen, gem. Art. 6 Abs. 1 lit. f) DSGVO.<\/p>\n<p>Die von Instagram bereitgestellten Statistik-Informationen \u201eInsights-Daten\u201c verarbeiten wir im eigenen Interesse zur Optimierung unserer Instagram-Fanpage, gem. Art. 6 Abs. 1 lit. f) DSGVO.<\/p>\n<p>In Einzelf\u00e4llen kann die Verarbeitung Ihrer Daten auch im Rahmen einer (vor-)vertraglichen Beziehung zul\u00e4ssig sein (z.B. pers\u00f6nliche Kommunikation zu einer unserer konkreten Dienstleistungen \u00fcber die Instagram Direct Messages), gem. Art. 6 Abs. 1 lit. b) DSGVO.<\/p>\n<h2>6.3 YouTube (Google)<\/h2>\n<p>Wir nutzen YouTube und sind f\u00fcr den Betrieb unseres YouTube-Kanals verantwortlich. Der YouTube-Kanal dient vor allem als Kommunikationsplattform f\u00fcr Kunden und Interessenten.<\/p>\n<p>Wir bieten Ihnen die M\u00f6glichkeit unsere Beitr\u00e4ge zu kommentieren. Ihre Beitr\u00e4ge k\u00f6nnen grunds\u00e4tzlich von jedermann weltweit im Internet abgerufen werden.<\/p>\n<p>Zus\u00e4tzlich erhalten wir von YouTube Statistik-Informationen \u201eAnalytics\u201c \u00fcber die Beliebtheit unseres YouTube-Kanals (z.B. Anzahl der Seitenaufrufe, Anzahl der \u201eGef\u00e4llt mir\u201c Angaben). Wie diese Daten erhoben und verarbeitet werden, liegt im Verantwortungsbereich von YouTube (Google).<\/p>\n<p>Informationen zu den \u201eAnalytics\u201c aus Sicht des Betreibers eines YouTube-Kanals finden Sie z.B. hier: <a href=\"https:\/\/support.google.com\/youtube\/answer\/9002587?hl=de&amp;co=GENIE.Platform%3DDesktop\">https:\/\/support.google.com\/youtube\/answer\/9002587?hl=de&amp;co=GENIE.Platform%3DDesktop<\/a><\/p>\n<h3>6.3.1 Verantwortliche f\u00fcr die Datenverarbeitung<\/h3>\n<p>Wir sind verantwortlich f\u00fcr die Datenverarbeitung auf unserem YouTube-Kanal. YouTube bzw. die Google Ireland Limited, Gordon House, Barrow Street, Dublin 4, Irland ist innerhalb der Europ\u00e4ischen Union (EU) und des Europ\u00e4ischen Wirtschaftsraumes (EWR) sowie der Schweiz verantwortlich f\u00fcr die Datenverarbeitung im Rahmen des Betriebes von YouTube.<\/p>\n<p>Weitere Informationen zum Datenschutz bei YouTube finden Sie hier:<\/p>\n<p><a href=\"https:\/\/www.youtube.com\/intl\/ALL_de\/howyoutubeworks\/user-settings\/privacy\/\">https:\/\/www.youtube.com\/intl\/ALL_de\/howyoutubeworks\/user-settings\/privacy\/<\/a><\/p>\n<p>Hier k\u00f6nnen Sie mit dem Datenschutzbeauftragten von YouTube Kontakt aufnehmen:<\/p>\n<p><a href=\"https:\/\/support.google.com\/policies\/contact\/general_privacy_form\">https:\/\/support.google.com\/policies\/contact\/general_privacy_form<\/a><\/p>\n<p>Machen Sie sich mit den Datenschutz-Einstellungen bei YouTube (Google) vertraut und aktivieren Sie grunds\u00e4tzlich nur die Cookies bzw. Datenverarbeitungen, die Sie pers\u00f6nlich f\u00fcr angemessen halten. YouTube (Google) speichert Ihre Daten in Nutzungsprofilen und verwendet diese unter anderem f\u00fcr das Anzeigen individueller Werbung.<\/p>\n<h3>6.3.2 Speicherdauer<\/h3>\n<p>Im Prinzip besteht f\u00fcr die Ver\u00f6ffentlichung Ihrer Beitr\u00e4ge keine festgelegte Speicherdauer, sodass wir Ihre Daten l\u00f6schen, nachdem die Speicherung nicht mehr erforderlich ist (die Daten, die wir auch tats\u00e4chlich selbst l\u00f6schen k\u00f6nnen), oder die Verarbeitung einschr\u00e4nken, falls gesetzliche Aufbewahrungspflichten bestehen.<\/p>\n<p>Sie k\u00f6nnen Ihre Beitr\u00e4ge jederzeit auch selbst von unserem YouTube-Kanal l\u00f6schen.<\/p>\n<h3>6.3.3 Rechtsgrundlage(n) der Datenverarbeitung<\/h3>\n<p>Wir betreiben unseren YouTube-Kanal im eigenen Interesse, um mit Kunden, Interessenten und Nutzern kommunizieren und \u00fcber unsere Angebote, Waren und Veranstaltungen informieren zu k\u00f6nnen, gem. Art. 6 Abs. 1 lit. f) DSGVO.<\/p>\n<p>Die von YouTube bereitgestellten Statistik-Informationen \u201eAnalytics\u201c verarbeiten wir im eigenen Interesse zur Optimierung unseres YouTube-Kanals, gem. Art. 6 Abs. 1 lit. f) DSGVO.<\/p>\n<h2>6.4 LinkedIn<\/h2>\n<p>Wir nutzen LinkedIn und sind f\u00fcr den Betrieb unseres Unternehmensprofils verantwortlich. Das LinkedIn-Profil dient vor allem als Kommunikationsplattform f\u00fcr Kunden und Interessenten. Wir bieten Ihnen die M\u00f6glichkeit unsere Beitr\u00e4ge zu kommentieren, uns direkt zu kontaktieren oder unsere Beitr\u00e4ge zu teilen. Ihre Beitr\u00e4ge k\u00f6nnen grunds\u00e4tzlich von jedermann weltweit im Internet abgerufen werden.<\/p>\n<h3>6.4.1 Verantwortliche f\u00fcr die Datenverarbeitung<\/h3>\n<p>Wir sind verantwortlich f\u00fcr die Datenverarbeitung auf unserem LinkedIn-Profil. LinkedIn bzw. die LinkedIn Ireland Unlimited Company, Wilton Place, Dublin 2, Irland ist innerhalb der Europ\u00e4ischen Union (EU) und des Europ\u00e4ischen Wirtschaftsraumes (EWR) sowie der Schweiz verantwortlich f\u00fcr die Datenverarbeitung im Rahmen des Betriebes von LinkedIn.<\/p>\n<p>Weitere Informationen zu LinkedIn finden Sie hier:<\/p>\n<p><a href=\"https:\/\/de.linkedin.com\/legal\/l\/linkedin-pages-terms\">https:\/\/de.linkedin.com\/legal\/l\/linkedin-pages-terms<\/a>?<\/p>\n<p>Hier k\u00f6nnen Sie mit dem Datenschutzbeauftragten von LinkedIn Kontakt aufnehmen:<\/p>\n<p><a href=\"https:\/\/www.linkedin.com\/help\/linkedin\/ask\/TSO-DPO\">https:\/\/www.linkedin.com\/help\/linkedin\/ask\/TSO-DPO<\/a><\/p>\n<h3>6.4.2 Speicherdauer<\/h3>\n<p>Im Prinzip besteht f\u00fcr die Ver\u00f6ffentlichung Ihrer Beitr\u00e4ge keine festgelegte Speicherdauer, sodass wir Ihre Daten l\u00f6schen, nachdem die Speicherung nicht mehr erforderlich ist (die Daten, die wir auch tats\u00e4chlich selbst l\u00f6schen k\u00f6nnen), oder die Verarbeitung einschr\u00e4nken, falls gesetzliche Aufbewahrungspflichten bestehen.<\/p>\n<p>Sie k\u00f6nnen Ihre Beitr\u00e4ge jederzeit auch selbst von unserem LinkedIn-Profil l\u00f6schen.<\/p>\n<h3>6.4.3 Rechtsgrundlage(n) der Datenverarbeitung<\/h3>\n<p>Wir betreiben unser LinkedIn-Profil im eigenen Interesse, um mit Kunden, Interessenten und Nutzern kommunizieren und \u00fcber unsere Angebote, Waren und Veranstaltungen informieren zu k\u00f6nnen, gem. Art. 6 Abs. 1 lit. f) DSGVO.<\/p>\n<h2>7 Ihre Rechte<\/h2>\n<p>Sie haben gegen\u00fcber uns folgende Rechte hinsichtlich der Sie betreffenden Daten:<\/p>\n<ul>\n<li>Recht auf Auskunft,<\/li>\n<li>Recht auf Berichtigung oder L\u00f6schung,<\/li>\n<li>Recht auf Einschr\u00e4nkung der Verarbeitung und<\/li>\n<li>Recht auf Daten\u00fcbertragbarkeit.<\/li>\n<\/ul>\n<h2>7.1 Recht auf Beschwerde bei einer Aufsichtsbeh\u00f6rde<\/h2>\n<p>Sie haben zudem das Recht, sich bei einer Datenschutz-Aufsichtsbeh\u00f6rde \u00fcber die Verarbeitung Ihrer Daten durch uns zu beschweren. Die f\u00fcr uns unmittelbar zust\u00e4ndige Aufsichtsbeh\u00f6rde ist:<\/p>\n<p><a href=\"https:\/\/www.baden-wuerttemberg.datenschutz.de\/kontakt-aufnehmen\/\">https:\/\/www.baden-wuerttemberg.datenschutz.de\/kontakt-aufnehmen\/<\/a><\/p>\n<h2>7.2 Widerspruchsrecht gegen Direktwerbung und Verarbeitungen in unserem berechtigten Interesse<\/h2>\n<p>Soweit wir Ihre Daten ausnahmsweise auf der Basis des Art. 6 Abs. 1 lit. f) DSGVO verarbeiten (berechtigte Interessen), haben Sie das Recht\u00a0jederzeit\u00a0aus Gr\u00fcnden, die sich aus Ihrer besonderen Situation ergeben, gegen die Verarbeitung der Sie betreffenden Daten bei uns\u00a0Widerspruch\u00a0einzulegen. Wenn wir keine zwingenden schutzw\u00fcrdigen Gr\u00fcnde f\u00fcr die weitere Verarbeitung nachweisen k\u00f6nnen, die Ihre Interessen, Rechte und Freiheiten \u00fcberwiegen oder aber, wenn wir die betreffenden Daten von Ihnen zum Zwecke der Direktwerbung verarbeiten, so werden wir Ihre Daten dann nicht l\u00e4nger verarbeiten (vgl. Art. 21 DSGVO). Sofern wir Ihnen die Aus\u00fcbung Ihres Widerspruchs ggf. mit technischen Mitteln erm\u00f6glichen, informieren wir Sie hierzu in den einzelnen Datenverarbeitungen weiter oben in unseren Datenschutz-Hinweisen.<\/p>\n<h2>7.3 Widerrufsrecht bei erteilter Einwilligung<\/h2>\n<p>Sie haben das Recht, eine erteilte Einwilligung in die Erhebung und Verwendung Ihrer Daten mit Wirkung f\u00fcr die Zukunft jederzeit zu widerrufen. Die Rechtm\u00e4\u00dfigkeit der aufgrund der Einwilligung bis zum Widerruf erfolgten Verarbeitung wird dadurch nicht ber\u00fchrt.<\/p>\n<h2>7.4 Kontaktm\u00f6glichkeiten bzgl. Ihrer Rechte<\/h2>\n<p>Zur Aus\u00fcbung Ihrer Rechte k\u00f6nnen Sie jederzeit mit uns Kontakt aufnehmen. Verwenden Sie dazu am besten folgende E-Mail-Adresse: <a href=\"mailto:DSB@wolpert-holding.de\">DSB@wolpert-holding.de<\/a><\/p>\n<p>Sie k\u00f6nnen gerne auch eine der Kontaktm\u00f6glichkeiten in unserem Impressum verwenden oder sich direkt an unseren Datenschutzbeauftragten (Kontaktdaten oben) wenden.<\/p>\n<p>[\/et_pb_text][\/et_pb_column][\/et_pb_row][\/et_pb_section]<\/p>\n","protected":false},"excerpt":{"rendered":"<p>Datenschutzhinweise Wir freuen uns \u00fcber Ihren Besuch und Ihr Interesse an unserem Unternehmen. Der Zweck dieser Hinweise besteht darin, Sie \u00fcber die Verarbeitung Ihrer personenbezogenen bzw. personenbeziehbaren Daten (im Weiteren nur Daten) zu informieren. 1 Verantwortlicher f\u00fcr die Datenverarbeitung WOLPERT HOLDING GmbH Schmalbachstra\u00dfe 26 74626 Bretzfeld &nbsp; Telefon: +49 79 46 \/ 91 15 \u2013 [&hellip;]<\/p>\n","protected":false},"author":3,"featured_media":0,"parent":0,"menu_order":8,"comment_status":"closed","ping_status":"closed","template":"","meta":{"_et_pb_use_builder":"on","_et_pb_old_content":"","_et_gb_content_width":"","footnotes":""},"class_list":["post-281","page","type-page","status-publish","hentry"],"yoast_head":"<!-- This site is optimized with the Yoast SEO plugin v27.5 - https:\/\/yoast.com\/product\/yoast-seo-wordpress\/ -->\n<title>Datenschutz - Wolpert Gruppe<\/title>\n<meta name=\"robots\" content=\"index, follow, max-snippet:-1, max-image-preview:large, max-video-preview:-1\" \/>\n<link rel=\"canonical\" href=\"https:\/\/www.wolpert-gruppe.de\/en\/datenschutz\/\" \/>\n<meta property=\"og:locale\" content=\"en_US\" \/>\n<meta property=\"og:type\" content=\"article\" \/>\n<meta property=\"og:title\" content=\"Datenschutz - Wolpert Gruppe\" \/>\n<meta property=\"og:description\" content=\"Datenschutzhinweise Wir freuen uns \u00fcber Ihren Besuch und Ihr Interesse an unserem Unternehmen. Der Zweck dieser Hinweise besteht darin, Sie \u00fcber die Verarbeitung Ihrer personenbezogenen bzw. personenbeziehbaren Daten (im Weiteren nur Daten) zu informieren. 1 Verantwortlicher f\u00fcr die Datenverarbeitung WOLPERT HOLDING GmbH Schmalbachstra\u00dfe 26 74626 Bretzfeld &nbsp; Telefon: +49 79 46 \/ 91 15 \u2013 [&hellip;]\" \/>\n<meta property=\"og:url\" content=\"https:\/\/www.wolpert-gruppe.de\/en\/datenschutz\/\" \/>\n<meta property=\"og:site_name\" content=\"Wolpert Gruppe\" \/>\n<meta property=\"article:modified_time\" content=\"2026-03-09T09:53:46+00:00\" \/>\n<meta name=\"twitter:card\" content=\"summary_large_image\" \/>\n<script type=\"application\/ld+json\" class=\"yoast-schema-graph\">{\"@context\":\"https:\\\/\\\/schema.org\",\"@graph\":[{\"@type\":\"WebPage\",\"@id\":\"https:\\\/\\\/www.wolpert-gruppe.de\\\/datenschutz\\\/\",\"url\":\"https:\\\/\\\/www.wolpert-gruppe.de\\\/datenschutz\\\/\",\"name\":\"Datenschutz - Wolpert Gruppe\",\"isPartOf\":{\"@id\":\"https:\\\/\\\/www.wolpert-gruppe.de\\\/#website\"},\"datePublished\":\"2024-02-06T10:54:52+00:00\",\"dateModified\":\"2026-03-09T09:53:46+00:00\",\"breadcrumb\":{\"@id\":\"https:\\\/\\\/www.wolpert-gruppe.de\\\/datenschutz\\\/#breadcrumb\"},\"inLanguage\":\"en-US\",\"potentialAction\":[{\"@type\":\"ReadAction\",\"target\":[\"https:\\\/\\\/www.wolpert-gruppe.de\\\/datenschutz\\\/\"]}]},{\"@type\":\"BreadcrumbList\",\"@id\":\"https:\\\/\\\/www.wolpert-gruppe.de\\\/datenschutz\\\/#breadcrumb\",\"itemListElement\":[{\"@type\":\"ListItem\",\"position\":1,\"name\":\"Startseite\",\"item\":\"https:\\\/\\\/www.wolpert-gruppe.de\\\/\"},{\"@type\":\"ListItem\",\"position\":2,\"name\":\"Datenschutz\"}]},{\"@type\":\"WebSite\",\"@id\":\"https:\\\/\\\/www.wolpert-gruppe.de\\\/#website\",\"url\":\"https:\\\/\\\/www.wolpert-gruppe.de\\\/\",\"name\":\"Wolpert Gruppe\",\"description\":\"\",\"potentialAction\":[{\"@type\":\"SearchAction\",\"target\":{\"@type\":\"EntryPoint\",\"urlTemplate\":\"https:\\\/\\\/www.wolpert-gruppe.de\\\/?s={search_term_string}\"},\"query-input\":{\"@type\":\"PropertyValueSpecification\",\"valueRequired\":true,\"valueName\":\"search_term_string\"}}],\"inLanguage\":\"en-US\"}]}<\/script>\n<!-- \/ Yoast SEO plugin. -->","yoast_head_json":{"title":"Datenschutz - Wolpert Gruppe","robots":{"index":"index","follow":"follow","max-snippet":"max-snippet:-1","max-image-preview":"max-image-preview:large","max-video-preview":"max-video-preview:-1"},"canonical":"https:\/\/www.wolpert-gruppe.de\/en\/datenschutz\/","og_locale":"en_US","og_type":"article","og_title":"Datenschutz - Wolpert Gruppe","og_description":"Datenschutzhinweise Wir freuen uns \u00fcber Ihren Besuch und Ihr Interesse an unserem Unternehmen. Der Zweck dieser Hinweise besteht darin, Sie \u00fcber die Verarbeitung Ihrer personenbezogenen bzw. personenbeziehbaren Daten (im Weiteren nur Daten) zu informieren. 1 Verantwortlicher f\u00fcr die Datenverarbeitung WOLPERT HOLDING GmbH Schmalbachstra\u00dfe 26 74626 Bretzfeld &nbsp; Telefon: +49 79 46 \/ 91 15 \u2013 [&hellip;]","og_url":"https:\/\/www.wolpert-gruppe.de\/en\/datenschutz\/","og_site_name":"Wolpert Gruppe","article_modified_time":"2026-03-09T09:53:46+00:00","twitter_card":"summary_large_image","schema":{"@context":"https:\/\/schema.org","@graph":[{"@type":"WebPage","@id":"https:\/\/www.wolpert-gruppe.de\/datenschutz\/","url":"https:\/\/www.wolpert-gruppe.de\/datenschutz\/","name":"Datenschutz - Wolpert Gruppe","isPartOf":{"@id":"https:\/\/www.wolpert-gruppe.de\/#website"},"datePublished":"2024-02-06T10:54:52+00:00","dateModified":"2026-03-09T09:53:46+00:00","breadcrumb":{"@id":"https:\/\/www.wolpert-gruppe.de\/datenschutz\/#breadcrumb"},"inLanguage":"en-US","potentialAction":[{"@type":"ReadAction","target":["https:\/\/www.wolpert-gruppe.de\/datenschutz\/"]}]},{"@type":"BreadcrumbList","@id":"https:\/\/www.wolpert-gruppe.de\/datenschutz\/#breadcrumb","itemListElement":[{"@type":"ListItem","position":1,"name":"Startseite","item":"https:\/\/www.wolpert-gruppe.de\/"},{"@type":"ListItem","position":2,"name":"Datenschutz"}]},{"@type":"WebSite","@id":"https:\/\/www.wolpert-gruppe.de\/#website","url":"https:\/\/www.wolpert-gruppe.de\/","name":"Wolpert Gruppe","description":"","potentialAction":[{"@type":"SearchAction","target":{"@type":"EntryPoint","urlTemplate":"https:\/\/www.wolpert-gruppe.de\/?s={search_term_string}"},"query-input":{"@type":"PropertyValueSpecification","valueRequired":true,"valueName":"search_term_string"}}],"inLanguage":"en-US"}]}},"_links":{"self":[{"href":"https:\/\/www.wolpert-gruppe.de\/en\/wp-json\/wp\/v2\/pages\/281","targetHints":{"allow":["GET"]}}],"collection":[{"href":"https:\/\/www.wolpert-gruppe.de\/en\/wp-json\/wp\/v2\/pages"}],"about":[{"href":"https:\/\/www.wolpert-gruppe.de\/en\/wp-json\/wp\/v2\/types\/page"}],"author":[{"embeddable":true,"href":"https:\/\/www.wolpert-gruppe.de\/en\/wp-json\/wp\/v2\/users\/3"}],"replies":[{"embeddable":true,"href":"https:\/\/www.wolpert-gruppe.de\/en\/wp-json\/wp\/v2\/comments?post=281"}],"version-history":[{"count":14,"href":"https:\/\/www.wolpert-gruppe.de\/en\/wp-json\/wp\/v2\/pages\/281\/revisions"}],"predecessor-version":[{"id":236890,"href":"https:\/\/www.wolpert-gruppe.de\/en\/wp-json\/wp\/v2\/pages\/281\/revisions\/236890"}],"wp:attachment":[{"href":"https:\/\/www.wolpert-gruppe.de\/en\/wp-json\/wp\/v2\/media?parent=281"}],"curies":[{"name":"wp","href":"https:\/\/api.w.org\/{rel}","templated":true}]}}